{"id":3507,"date":"2024-05-28T11:48:27","date_gmt":"2024-05-28T09:48:27","guid":{"rendered":"https:\/\/bnuto.cultura.gov.it\/?page_id=3507"},"modified":"2025-09-04T11:33:13","modified_gmt":"2025-09-04T09:33:13","slug":"miniatura-n-28-f-469r","status":"publish","type":"page","link":"https:\/\/bnuto.cultura.gov.it\/fr\/patrimonio-digitale\/c-plinius-secundus-historia-naturalis\/miniatura-n-28-f-469r\/","title":{"rendered":"Miniatura n. 28 &#8211; f. 469r"},"content":{"rendered":"\n<h3 class=\"wp-block-heading has-text-color has-link-color wp-elements-4b1d1dae42fe9f4bc1463743739edfb4\" style=\"color:#00496f;font-size:26px;font-style:normal;font-weight:600\"><strong>Miniatura n. 28 &#8211; f. 469r<\/strong><\/h3>\n\n\n\n<p class=\"has-text-color has-link-color wp-elements-269bfd2693debb5d4addd24ed89f76cd\" style=\"color:#00496f;font-size:21px;font-style:normal;font-weight:600\">Libro XXXIV (Aeris metalla)<\/p>\n\n\n\n<div class=\"wp-block-getwid-image-hotspot\" data-appearance-animation=\"none\" data-image-points=\"[{&quot;link&quot;:&quot;&quot;,&quot;icon&quot;:&quot;fas fa-plus&quot;,&quot;title&quot;:&quot;Iniziale P (Proxime dicantur aeris metalla)&quot;,&quot;color&quot;:&quot;#ffffff&quot;,&quot;content&quot;:&quot;<div class=\\&quot;open-point\\&quot;&gt;\\n<div class=\\&quot;container-open-point\\&quot;&gt;\\n<p&gt;\\nin forma di capitale epigrafica, in rilievo e sfaccettata, posta entro riquadro lapideo porpora variegato in oro.  \\n<\/p&gt;\\n<div class=\\&quot;container-img\\&quot;&gt;\\n<img src=\\&quot;\/wp-content\/uploads\/2024\/05\/MINIATURA-28_P.jpg\\&quot;&gt;\\n\\n<\/div&gt;\\n<\/div&gt;\\n<\/div&gt;&quot;,&quot;backgroundColor&quot;:&quot;#e8b916&quot;,&quot;newTab&quot;:false,&quot;popUpOpen&quot;:false,&quot;popUpWidth&quot;:&quot;&quot;,&quot;placement&quot;:&quot;bottom&quot;,&quot;position&quot;:{&quot;x&quot;:&quot;31.27%&quot;,&quot;y&quot;:&quot;19.48%&quot;}},{&quot;link&quot;:&quot;&quot;,&quot;icon&quot;:&quot;fas fa-plus&quot;,&quot;title&quot;:&quot;Miniatura&quot;,&quot;color&quot;:&quot;&quot;,&quot;content&quot;:&quot;<div class=\\&quot;open-point\\&quot;&gt;\\n<div class=\\&quot;container-open-point\\&quot;&gt;\\n<p&gt;\\nCapace e matura interpretazione di modelli mantegneschi, l\u2019immagine mostra sulla destra una miniera di rame dove lavorano cinque operai, di cui due ritratti di spalle nel primo piano e tre posti in alto, sopra la galleria d\u2019ingresso della cava. Sulla sinistra vi \u00e8 una veduta di citt\u00e0 nella quale \u00e8 riconoscibile Mantova con il lago e il Castello di San Giorgio, ripresa da quella sullo sfondo della Morte della Vergine di Mantegna, oggi a Madrid al Museo del Prado. Anche i minatori di spalle e la miniera sono stati avvicinati alla Discesa al Limbo di Mantegna in lavorazione nel 1468. Mirabile la resa luminosa del cielo cosparso di nuvole bianche e dell\u2019acqua punteggiata da barche.   \\n<\/p&gt;\\n<div class=\\&quot;container-img\\&quot;&gt;\\n<img src=\\&quot;\/wp-content\/uploads\/2024\/05\/MINIATURA-28_tondo.jpg\\&quot;&gt;\\n\\n<\/div&gt;\\n<\/div&gt;\\n<\/div&gt;\\n\\n&quot;,&quot;backgroundColor&quot;:&quot;#e8b916&quot;,&quot;newTab&quot;:false,&quot;popUpOpen&quot;:false,&quot;popUpWidth&quot;:&quot;&quot;,&quot;placement&quot;:&quot;bottom&quot;,&quot;position&quot;:{&quot;x&quot;:&quot;38.35%&quot;,&quot;y&quot;:&quot;85.66%&quot;}},{&quot;link&quot;:&quot;&quot;,&quot;icon&quot;:&quot;fas fa-plus&quot;,&quot;title&quot;:&quot;Margini&quot;,&quot;color&quot;:&quot;#ffffff&quot;,&quot;content&quot;:&quot;<div class=\\&quot;open-point\\&quot;&gt;\\n<div class=\\&quot;container-open-point\\&quot;&gt;\\n<p&gt;\\nfregio sui quattro margini, racchiuso entro cornice in lamina d\u2019oro, decorato a bianchi girari in risparmiato su fondo blu; al centro del margine inferiore tondo incorniciato in lamina d\u2019oro e figurato con scena raffigurante l\u2019estrazione del rame in una miniera.\\n\\n<\/p&gt;\\n<div class=\\&quot;container-img full-width\\&quot;&gt;\\n<img src=\\&quot;\/wp-content\/uploads\/2024\/05\/MINIATURA-28_margini.jpg\\&quot;&gt;\\n\\n<\/div&gt;\\n<\/div&gt;\\n<\/div&gt;&quot;,&quot;newTab&quot;:false,&quot;popUpOpen&quot;:false,&quot;popUpWidth&quot;:350,&quot;placement&quot;:&quot;top&quot;,&quot;position&quot;:{&quot;x&quot;:&quot;78.89%&quot;,&quot;y&quot;:&quot;70.50%&quot;},&quot;backgroundColor&quot;:&quot;#e8b916&quot;}]\" data-trigger=\"multiple\" data-theme=\"light\" data-tooltip-animation=\"shift-toward\" data-arrow=\"true\"><div class=\"wp-block-getwid-image-hotspot__wrapper\"><img loading=\"lazy\" decoding=\"async\" width=\"777\" height=\"1174\" src=\"https:\/\/bnuto.cultura.gov.it\/wp-content\/uploads\/2024\/05\/MINIATURA-28.jpg\" alt=\"\" class=\"wp-block-getwid-image-hotspot__image wp-image-3505\" srcset=\"https:\/\/bnuto.cultura.gov.it\/wp-content\/uploads\/2024\/05\/MINIATURA-28.jpg 777w, https:\/\/bnuto.cultura.gov.it\/wp-content\/uploads\/2024\/05\/MINIATURA-28-199x300.jpg 199w, https:\/\/bnuto.cultura.gov.it\/wp-content\/uploads\/2024\/05\/MINIATURA-28-678x1024.jpg 678w, https:\/\/bnuto.cultura.gov.it\/wp-content\/uploads\/2024\/05\/MINIATURA-28-298x450.jpg 298w\" sizes=\"auto, (max-width: 777px) 100vw, 777px\" \/><div data-point-id=\"0\" class=\"wp-block-getwid-image-hotspot__dot has-animation-pulse\" style=\"left:31.27%;top:19.48%;background-color:#e8b916\"><div class=\"wp-block-getwid-image-hotspot__dot-wrapper\"><div style=\"color:#ffffff;font-size:20px\" class=\"wp-block-getwid-image-hotspot__dot-content\"><i class=\"fas fa-plus wp-block-getwid-image-hotspot__dot-icon\"><\/i><\/div><\/div><div class=\"wp-block-getwid-image-hotspot__dot-description\"><div class=\"wp-block-getwid-image-hotspot__dot-title\">Iniziale P (Proxime dicantur aeris metalla)<\/div><\/div><\/div><div data-point-id=\"1\" class=\"wp-block-getwid-image-hotspot__dot has-animation-pulse\" style=\"left:38.35%;top:85.66%;background-color:#e8b916\"><div class=\"wp-block-getwid-image-hotspot__dot-wrapper\"><div style=\"font-size:20px\" class=\"wp-block-getwid-image-hotspot__dot-content\"><i class=\"fas fa-plus wp-block-getwid-image-hotspot__dot-icon\"><\/i><\/div><\/div><div class=\"wp-block-getwid-image-hotspot__dot-description\"><div class=\"wp-block-getwid-image-hotspot__dot-title\">Miniatura<\/div><\/div><\/div><div data-point-id=\"2\" class=\"wp-block-getwid-image-hotspot__dot has-animation-pulse\" style=\"left:78.89%;top:70.50%;background-color:#e8b916\"><div class=\"wp-block-getwid-image-hotspot__dot-wrapper\"><div style=\"color:#ffffff;font-size:20px\" class=\"wp-block-getwid-image-hotspot__dot-content\"><i class=\"fas fa-plus wp-block-getwid-image-hotspot__dot-icon\"><\/i><\/div><\/div><div class=\"wp-block-getwid-image-hotspot__dot-description\"><div class=\"wp-block-getwid-image-hotspot__dot-title\">Margini<\/div><\/div><\/div><\/div><\/div>\n","protected":false},"excerpt":{"rendered":"<p>Miniatura n. 28 &#8211; f. 469r Libro XXXIV (Aeris metalla)<\/p>\n","protected":false},"author":7,"featured_media":0,"parent":2670,"menu_order":0,"comment_status":"closed","ping_status":"closed","template":"","meta":{"_acf_changed":false,"footnotes":""},"category_page":[],"class_list":["post-3507","page","type-page","status-publish","hentry"],"acf":[],"yoast_head":"<!-- This site is optimized with the Yoast SEO plugin v27.4 - https:\/\/yoast.com\/product\/yoast-seo-wordpress\/ -->\n<title>Miniatura n. 28 - f. 469r | Biblioteca Nazionale Universitaria di Torino<\/title>\n<meta name=\"robots\" content=\"index, follow, max-snippet:-1, max-image-preview:large, max-video-preview:-1\" \/>\n<link rel=\"canonical\" href=\"https:\/\/bnuto.cultura.gov.it\/fr\/patrimonio-digitale\/c-plinius-secundus-historia-naturalis\/miniatura-n-28-f-469r\/\" \/>\n<meta property=\"og:locale\" content=\"fr_FR\" \/>\n<meta property=\"og:type\" content=\"article\" \/>\n<meta property=\"og:title\" content=\"Miniatura n. 28 - f. 469r | Biblioteca Nazionale Universitaria di Torino\" \/>\n<meta property=\"og:description\" content=\"Miniatura n. 28 &#8211; f. 469r Libro XXXIV (Aeris metalla)\" \/>\n<meta property=\"og:url\" content=\"https:\/\/bnuto.cultura.gov.it\/fr\/patrimonio-digitale\/c-plinius-secundus-historia-naturalis\/miniatura-n-28-f-469r\/\" \/>\n<meta property=\"og:site_name\" content=\"Biblioteca Nazionale Universitaria di Torino\" \/>\n<meta property=\"article:modified_time\" content=\"2025-09-04T09:33:13+00:00\" \/>\n<meta property=\"og:image\" content=\"https:\/\/bnuto.cultura.gov.it\/wp-content\/uploads\/2024\/05\/MINIATURA-28.jpg\" \/>\n\t<meta property=\"og:image:width\" content=\"777\" \/>\n\t<meta property=\"og:image:height\" content=\"1174\" \/>\n\t<meta property=\"og:image:type\" content=\"image\/jpeg\" \/>\n<meta name=\"twitter:card\" content=\"summary_large_image\" \/>\n<meta name=\"twitter:label1\" content=\"Est. reading time\" \/>\n\t<meta name=\"twitter:data1\" content=\"2 minutes\" \/>\n<script type=\"application\/ld+json\" class=\"yoast-schema-graph\">{\"@context\":\"https:\\\/\\\/schema.org\",\"@graph\":[{\"@type\":\"WebPage\",\"@id\":\"https:\\\/\\\/bnuto.cultura.gov.it\\\/fr\\\/patrimonio-digitale\\\/c-plinius-secundus-historia-naturalis\\\/miniatura-n-28-f-469r\\\/\",\"url\":\"https:\\\/\\\/bnuto.cultura.gov.it\\\/fr\\\/patrimonio-digitale\\\/c-plinius-secundus-historia-naturalis\\\/miniatura-n-28-f-469r\\\/\",\"name\":\"Miniatura n. 28 - f. 469r | Biblioteca Nazionale Universitaria di Torino\",\"isPartOf\":{\"@id\":\"https:\\\/\\\/bnuto.cultura.gov.it\\\/fr\\\/#website\"},\"primaryImageOfPage\":{\"@id\":\"https:\\\/\\\/bnuto.cultura.gov.it\\\/fr\\\/patrimonio-digitale\\\/c-plinius-secundus-historia-naturalis\\\/miniatura-n-28-f-469r\\\/#primaryimage\"},\"image\":{\"@id\":\"https:\\\/\\\/bnuto.cultura.gov.it\\\/fr\\\/patrimonio-digitale\\\/c-plinius-secundus-historia-naturalis\\\/miniatura-n-28-f-469r\\\/#primaryimage\"},\"thumbnailUrl\":\"https:\\\/\\\/bnuto.cultura.gov.it\\\/wp-content\\\/uploads\\\/2024\\\/05\\\/MINIATURA-28.jpg\",\"datePublished\":\"2024-05-28T09:48:27+00:00\",\"dateModified\":\"2025-09-04T09:33:13+00:00\",\"breadcrumb\":{\"@id\":\"https:\\\/\\\/bnuto.cultura.gov.it\\\/fr\\\/patrimonio-digitale\\\/c-plinius-secundus-historia-naturalis\\\/miniatura-n-28-f-469r\\\/#breadcrumb\"},\"inLanguage\":\"fr-FR\",\"potentialAction\":[{\"@type\":\"ReadAction\",\"target\":[\"https:\\\/\\\/bnuto.cultura.gov.it\\\/fr\\\/patrimonio-digitale\\\/c-plinius-secundus-historia-naturalis\\\/miniatura-n-28-f-469r\\\/\"]}]},{\"@type\":\"ImageObject\",\"inLanguage\":\"fr-FR\",\"@id\":\"https:\\\/\\\/bnuto.cultura.gov.it\\\/fr\\\/patrimonio-digitale\\\/c-plinius-secundus-historia-naturalis\\\/miniatura-n-28-f-469r\\\/#primaryimage\",\"url\":\"https:\\\/\\\/bnuto.cultura.gov.it\\\/wp-content\\\/uploads\\\/2024\\\/05\\\/MINIATURA-28.jpg\",\"contentUrl\":\"https:\\\/\\\/bnuto.cultura.gov.it\\\/wp-content\\\/uploads\\\/2024\\\/05\\\/MINIATURA-28.jpg\"},{\"@type\":\"BreadcrumbList\",\"@id\":\"https:\\\/\\\/bnuto.cultura.gov.it\\\/fr\\\/patrimonio-digitale\\\/c-plinius-secundus-historia-naturalis\\\/miniatura-n-28-f-469r\\\/#breadcrumb\",\"itemListElement\":[{\"@type\":\"ListItem\",\"position\":1,\"name\":\"Home\",\"item\":\"https:\\\/\\\/bnuto.cultura.gov.it\\\/fr\\\/\"},{\"@type\":\"ListItem\",\"position\":2,\"name\":\"Patrimonio in digitale\",\"item\":\"https:\\\/\\\/bnuto.cultura.gov.it\\\/fr\\\/patrimonio-digitale\\\/\"},{\"@type\":\"ListItem\",\"position\":3,\"name\":\"C. Plinius Secundus, Historia Naturalis\",\"item\":\"https:\\\/\\\/bnuto.cultura.gov.it\\\/fr\\\/patrimonio-digitale\\\/c-plinius-secundus-historia-naturalis\\\/\"},{\"@type\":\"ListItem\",\"position\":4,\"name\":\"Miniatura n. 28 &#8211; f. 469r\"}]},{\"@type\":\"WebSite\",\"@id\":\"https:\\\/\\\/bnuto.cultura.gov.it\\\/fr\\\/#website\",\"url\":\"https:\\\/\\\/bnuto.cultura.gov.it\\\/fr\\\/\",\"name\":\"Biblioteca Nazionale Universitaria di Torino\",\"description\":\"Un nuovo sito targato WordPress\",\"publisher\":{\"@id\":\"https:\\\/\\\/bnuto.cultura.gov.it\\\/fr\\\/#organization\"},\"potentialAction\":[{\"@type\":\"SearchAction\",\"target\":{\"@type\":\"EntryPoint\",\"urlTemplate\":\"https:\\\/\\\/bnuto.cultura.gov.it\\\/fr\\\/?s={search_term_string}\"},\"query-input\":{\"@type\":\"PropertyValueSpecification\",\"valueRequired\":true,\"valueName\":\"search_term_string\"}}],\"inLanguage\":\"fr-FR\"},{\"@type\":\"Organization\",\"@id\":\"https:\\\/\\\/bnuto.cultura.gov.it\\\/fr\\\/#organization\",\"name\":\"Biblioteca Nazionale Universitaria di Torino\",\"url\":\"https:\\\/\\\/bnuto.cultura.gov.it\\\/fr\\\/\",\"logo\":{\"@type\":\"ImageObject\",\"inLanguage\":\"fr-FR\",\"@id\":\"https:\\\/\\\/bnuto.cultura.gov.it\\\/fr\\\/#\\\/schema\\\/logo\\\/image\\\/\",\"url\":\"https:\\\/\\\/bnuto.cultura.gov.it\\\/wp-content\\\/uploads\\\/2022\\\/10\\\/logo-biblioteca-nazionale-nero.png\",\"contentUrl\":\"https:\\\/\\\/bnuto.cultura.gov.it\\\/wp-content\\\/uploads\\\/2022\\\/10\\\/logo-biblioteca-nazionale-nero.png\",\"width\":70,\"height\":77,\"caption\":\"Biblioteca Nazionale Universitaria di Torino\"},\"image\":{\"@id\":\"https:\\\/\\\/bnuto.cultura.gov.it\\\/fr\\\/#\\\/schema\\\/logo\\\/image\\\/\"}}]}<\/script>\n<!-- \/ Yoast SEO plugin. -->","yoast_head_json":{"title":"Miniatura n. 28 - f. 469r | Biblioteca Nazionale Universitaria di Torino","robots":{"index":"index","follow":"follow","max-snippet":"max-snippet:-1","max-image-preview":"max-image-preview:large","max-video-preview":"max-video-preview:-1"},"canonical":"https:\/\/bnuto.cultura.gov.it\/fr\/patrimonio-digitale\/c-plinius-secundus-historia-naturalis\/miniatura-n-28-f-469r\/","og_locale":"fr_FR","og_type":"article","og_title":"Miniatura n. 28 - f. 469r | Biblioteca Nazionale Universitaria di Torino","og_description":"Miniatura n. 28 &#8211; f. 469r Libro XXXIV (Aeris metalla)","og_url":"https:\/\/bnuto.cultura.gov.it\/fr\/patrimonio-digitale\/c-plinius-secundus-historia-naturalis\/miniatura-n-28-f-469r\/","og_site_name":"Biblioteca Nazionale Universitaria di Torino","article_modified_time":"2025-09-04T09:33:13+00:00","og_image":[{"width":777,"height":1174,"url":"https:\/\/bnuto.cultura.gov.it\/wp-content\/uploads\/2024\/05\/MINIATURA-28.jpg","type":"image\/jpeg"}],"twitter_card":"summary_large_image","twitter_misc":{"Est. reading time":"2 minutes"},"schema":{"@context":"https:\/\/schema.org","@graph":[{"@type":"WebPage","@id":"https:\/\/bnuto.cultura.gov.it\/fr\/patrimonio-digitale\/c-plinius-secundus-historia-naturalis\/miniatura-n-28-f-469r\/","url":"https:\/\/bnuto.cultura.gov.it\/fr\/patrimonio-digitale\/c-plinius-secundus-historia-naturalis\/miniatura-n-28-f-469r\/","name":"Miniatura n. 28 - f. 469r | Biblioteca Nazionale Universitaria di Torino","isPartOf":{"@id":"https:\/\/bnuto.cultura.gov.it\/fr\/#website"},"primaryImageOfPage":{"@id":"https:\/\/bnuto.cultura.gov.it\/fr\/patrimonio-digitale\/c-plinius-secundus-historia-naturalis\/miniatura-n-28-f-469r\/#primaryimage"},"image":{"@id":"https:\/\/bnuto.cultura.gov.it\/fr\/patrimonio-digitale\/c-plinius-secundus-historia-naturalis\/miniatura-n-28-f-469r\/#primaryimage"},"thumbnailUrl":"https:\/\/bnuto.cultura.gov.it\/wp-content\/uploads\/2024\/05\/MINIATURA-28.jpg","datePublished":"2024-05-28T09:48:27+00:00","dateModified":"2025-09-04T09:33:13+00:00","breadcrumb":{"@id":"https:\/\/bnuto.cultura.gov.it\/fr\/patrimonio-digitale\/c-plinius-secundus-historia-naturalis\/miniatura-n-28-f-469r\/#breadcrumb"},"inLanguage":"fr-FR","potentialAction":[{"@type":"ReadAction","target":["https:\/\/bnuto.cultura.gov.it\/fr\/patrimonio-digitale\/c-plinius-secundus-historia-naturalis\/miniatura-n-28-f-469r\/"]}]},{"@type":"ImageObject","inLanguage":"fr-FR","@id":"https:\/\/bnuto.cultura.gov.it\/fr\/patrimonio-digitale\/c-plinius-secundus-historia-naturalis\/miniatura-n-28-f-469r\/#primaryimage","url":"https:\/\/bnuto.cultura.gov.it\/wp-content\/uploads\/2024\/05\/MINIATURA-28.jpg","contentUrl":"https:\/\/bnuto.cultura.gov.it\/wp-content\/uploads\/2024\/05\/MINIATURA-28.jpg"},{"@type":"BreadcrumbList","@id":"https:\/\/bnuto.cultura.gov.it\/fr\/patrimonio-digitale\/c-plinius-secundus-historia-naturalis\/miniatura-n-28-f-469r\/#breadcrumb","itemListElement":[{"@type":"ListItem","position":1,"name":"Home","item":"https:\/\/bnuto.cultura.gov.it\/fr\/"},{"@type":"ListItem","position":2,"name":"Patrimonio in digitale","item":"https:\/\/bnuto.cultura.gov.it\/fr\/patrimonio-digitale\/"},{"@type":"ListItem","position":3,"name":"C. Plinius Secundus, Historia Naturalis","item":"https:\/\/bnuto.cultura.gov.it\/fr\/patrimonio-digitale\/c-plinius-secundus-historia-naturalis\/"},{"@type":"ListItem","position":4,"name":"Miniatura n. 28 &#8211; f. 469r"}]},{"@type":"WebSite","@id":"https:\/\/bnuto.cultura.gov.it\/fr\/#website","url":"https:\/\/bnuto.cultura.gov.it\/fr\/","name":"Biblioteca Nazionale Universitaria di Torino","description":"Un nuovo sito targato WordPress","publisher":{"@id":"https:\/\/bnuto.cultura.gov.it\/fr\/#organization"},"potentialAction":[{"@type":"SearchAction","target":{"@type":"EntryPoint","urlTemplate":"https:\/\/bnuto.cultura.gov.it\/fr\/?s={search_term_string}"},"query-input":{"@type":"PropertyValueSpecification","valueRequired":true,"valueName":"search_term_string"}}],"inLanguage":"fr-FR"},{"@type":"Organization","@id":"https:\/\/bnuto.cultura.gov.it\/fr\/#organization","name":"Biblioteca Nazionale Universitaria di Torino","url":"https:\/\/bnuto.cultura.gov.it\/fr\/","logo":{"@type":"ImageObject","inLanguage":"fr-FR","@id":"https:\/\/bnuto.cultura.gov.it\/fr\/#\/schema\/logo\/image\/","url":"https:\/\/bnuto.cultura.gov.it\/wp-content\/uploads\/2022\/10\/logo-biblioteca-nazionale-nero.png","contentUrl":"https:\/\/bnuto.cultura.gov.it\/wp-content\/uploads\/2022\/10\/logo-biblioteca-nazionale-nero.png","width":70,"height":77,"caption":"Biblioteca Nazionale Universitaria di Torino"},"image":{"@id":"https:\/\/bnuto.cultura.gov.it\/fr\/#\/schema\/logo\/image\/"}}]}},"_links":{"self":[{"href":"https:\/\/bnuto.cultura.gov.it\/fr\/wp-json\/wp\/v2\/pages\/3507","targetHints":{"allow":["GET"]}}],"collection":[{"href":"https:\/\/bnuto.cultura.gov.it\/fr\/wp-json\/wp\/v2\/pages"}],"about":[{"href":"https:\/\/bnuto.cultura.gov.it\/fr\/wp-json\/wp\/v2\/types\/page"}],"author":[{"embeddable":true,"href":"https:\/\/bnuto.cultura.gov.it\/fr\/wp-json\/wp\/v2\/users\/7"}],"replies":[{"embeddable":true,"href":"https:\/\/bnuto.cultura.gov.it\/fr\/wp-json\/wp\/v2\/comments?post=3507"}],"version-history":[{"count":3,"href":"https:\/\/bnuto.cultura.gov.it\/fr\/wp-json\/wp\/v2\/pages\/3507\/revisions"}],"predecessor-version":[{"id":3516,"href":"https:\/\/bnuto.cultura.gov.it\/fr\/wp-json\/wp\/v2\/pages\/3507\/revisions\/3516"}],"up":[{"embeddable":true,"href":"https:\/\/bnuto.cultura.gov.it\/fr\/wp-json\/wp\/v2\/pages\/2670"}],"wp:attachment":[{"href":"https:\/\/bnuto.cultura.gov.it\/fr\/wp-json\/wp\/v2\/media?parent=3507"}],"wp:term":[{"taxonomy":"category_page","embeddable":true,"href":"https:\/\/bnuto.cultura.gov.it\/fr\/wp-json\/wp\/v2\/category_page?post=3507"}],"curies":[{"name":"wp","href":"https:\/\/api.w.org\/{rel}","templated":true}]}}