{"id":8981,"date":"2022-10-26T19:44:24","date_gmt":"2022-10-26T17:44:24","guid":{"rendered":"https:\/\/bnuto.cultura.gov.it\/location-despaces\/atrium-sala-juvarra\/"},"modified":"2026-02-17T14:36:33","modified_gmt":"2026-02-17T13:36:33","slug":"atrium-sala-juvarra","status":"publish","type":"page","link":"https:\/\/bnuto.cultura.gov.it\/fr\/location-despaces\/atrium-sala-juvarra\/","title":{"rendered":"Atrium Sala Juvarra"},"content":{"rendered":"<section class=\"l-section wpb_row height_auto\"><div class=\"l-section-h i-cf\"><div class=\"g-cols vc_row via_flex valign_top type_default stacking_default\"><div class=\"vc_col-sm-12 wpb_column vc_column_container\"><div class=\"vc_column-inner\"><div class=\"wpb_wrapper\"><div class=\"wpb_text_column\"><div class=\"wpb_wrapper\"><p>L&#8217;atrium de la salle d&#8217;exposition Juvarra est un espace de transition entre l&#8217;entr\u00e9e de la biblioth\u00e8que, la salle d&#8217;exposition, la salle historique et l&#8217;auditorium Vivaldi.Il a r\u00e9cemment \u00e9t\u00e9 am\u00e9nag\u00e9 sur le th\u00e8me de la salle d&#8217;exposition Juvarra, avec des graphiques rappelant l&#8217;important architecte messin.Outre le mat\u00e9riel d&#8217;exposition de la Biblioth\u00e8que, il peut \u00eatre utilis\u00e9 pour les vernissages d&#8217;expositions et pour les r\u00e9ceptions li\u00e9es aux \u00e9v\u00e9nements de l&#8217;auditorium Vivaldi ou de l&#8217;exposition.Dot\u00e9 d&#8217;une entr\u00e9e c\u00f4t\u00e9 rue pour l&#8217;acc\u00e8s d&#8217;\u00e9ventuels traiteurs, il permet diff\u00e9rents types d&#8217;am\u00e9nagements pour l&#8217;accueil des invit\u00e9s.<\/p>\n<\/div><\/div><div class=\"w-btn-wrapper align_none\"><a class=\"w-btn us-btn-style_2 us_custom_af6a9b6a\" target=\"_blank\" href=\"#\"><span class=\"w-btn-label\">Rapport sur les installations<\/span><\/a><\/div><div class=\"w-image us_custom_916d5e53 align_none\"><div class=\"w-image-h\"><img decoding=\"async\" width=\"780\" height=\"585\" src=\"https:\/\/bnuto.cultura.gov.it\/wp-content\/uploads\/2022\/11\/atrio-sala-juvarra.jpeg\" class=\"attachment-large size-large\" alt=\"Atrium Salle Juvarra\" loading=\"lazy\" srcset=\"https:\/\/bnuto.cultura.gov.it\/wp-content\/uploads\/2022\/11\/atrio-sala-juvarra.jpeg 780w, https:\/\/bnuto.cultura.gov.it\/wp-content\/uploads\/2022\/11\/atrio-sala-juvarra-300x225.jpeg 300w, https:\/\/bnuto.cultura.gov.it\/wp-content\/uploads\/2022\/11\/atrio-sala-juvarra-360x270.jpeg 360w, https:\/\/bnuto.cultura.gov.it\/wp-content\/uploads\/2022\/11\/atrio-sala-juvarra-600x450.jpeg 600w\" sizes=\"auto, (max-width: 780px) 100vw, 780px\" \/><\/div><\/div><\/div><\/div><\/div><\/div><\/div><\/section>\n","protected":false},"excerpt":{"rendered":"L&#8217;atrium de la salle d&#8217;exposition Juvarra est un espace de transition entre l&#8217;entr\u00e9e de la biblioth\u00e8que, la salle d&#8217;exposition, la salle historique et l&#8217;auditorium Vivaldi.Il a r\u00e9cemment \u00e9t\u00e9 am\u00e9nag\u00e9 sur le th\u00e8me de la salle d&#8217;exposition Juvarra, avec des graphiques rappelant l&#8217;important architecte messin.Outre le mat\u00e9riel d&#8217;exposition de la Biblioth\u00e8que, il peut \u00eatre utilis\u00e9 pour...","protected":false},"author":7,"featured_media":6612,"parent":8927,"menu_order":3,"comment_status":"closed","ping_status":"closed","template":"","meta":{"_acf_changed":false,"footnotes":""},"category_page":[14],"class_list":["post-8981","page","type-page","status-publish","has-post-thumbnail","hentry","category_page-concessione-degli-spazi"],"acf":[],"yoast_head":"<!-- This site is optimized with the Yoast SEO plugin v27.5 - https:\/\/yoast.com\/product\/yoast-seo-wordpress\/ -->\n<title>Atrium Sala Juvarra | Biblioteca Nazionale Universitaria di Torino<\/title>\n<meta name=\"robots\" content=\"index, follow, max-snippet:-1, max-image-preview:large, max-video-preview:-1\" \/>\n<link rel=\"canonical\" href=\"https:\/\/bnuto.cultura.gov.it\/fr\/location-despaces\/atrium-sala-juvarra\/\" \/>\n<meta property=\"og:locale\" content=\"fr_FR\" \/>\n<meta property=\"og:type\" content=\"article\" \/>\n<meta property=\"og:title\" content=\"Atrium Sala Juvarra | Biblioteca Nazionale Universitaria di Torino\" \/>\n<meta property=\"og:url\" content=\"https:\/\/bnuto.cultura.gov.it\/fr\/location-despaces\/atrium-sala-juvarra\/\" \/>\n<meta property=\"og:site_name\" content=\"Biblioteca Nazionale Universitaria di Torino\" \/>\n<meta property=\"article:modified_time\" content=\"2026-02-17T13:36:33+00:00\" \/>\n<meta property=\"og:image\" content=\"https:\/\/bnuto.cultura.gov.it\/wp-content\/uploads\/2022\/11\/atrio-sala-juvarra.jpeg\" \/>\n\t<meta property=\"og:image:width\" content=\"780\" \/>\n\t<meta property=\"og:image:height\" content=\"585\" \/>\n\t<meta property=\"og:image:type\" content=\"image\/jpeg\" \/>\n<meta name=\"twitter:card\" content=\"summary_large_image\" \/>\n<meta name=\"twitter:label1\" content=\"Est. reading time\" \/>\n\t<meta name=\"twitter:data1\" content=\"1 minute\" \/>\n<script type=\"application\/ld+json\" class=\"yoast-schema-graph\">{\"@context\":\"https:\\\/\\\/schema.org\",\"@graph\":[{\"@type\":\"WebPage\",\"@id\":\"https:\\\/\\\/bnuto.cultura.gov.it\\\/fr\\\/location-despaces\\\/atrium-sala-juvarra\\\/\",\"url\":\"https:\\\/\\\/bnuto.cultura.gov.it\\\/fr\\\/location-despaces\\\/atrium-sala-juvarra\\\/\",\"name\":\"Atrium Sala Juvarra | Biblioteca Nazionale Universitaria di Torino\",\"isPartOf\":{\"@id\":\"https:\\\/\\\/bnuto.cultura.gov.it\\\/fr\\\/#website\"},\"primaryImageOfPage\":{\"@id\":\"https:\\\/\\\/bnuto.cultura.gov.it\\\/fr\\\/location-despaces\\\/atrium-sala-juvarra\\\/#primaryimage\"},\"image\":{\"@id\":\"https:\\\/\\\/bnuto.cultura.gov.it\\\/fr\\\/location-despaces\\\/atrium-sala-juvarra\\\/#primaryimage\"},\"thumbnailUrl\":\"https:\\\/\\\/bnuto.cultura.gov.it\\\/wp-content\\\/uploads\\\/2022\\\/11\\\/atrio-sala-juvarra.jpeg\",\"datePublished\":\"2022-10-26T17:44:24+00:00\",\"dateModified\":\"2026-02-17T13:36:33+00:00\",\"breadcrumb\":{\"@id\":\"https:\\\/\\\/bnuto.cultura.gov.it\\\/fr\\\/location-despaces\\\/atrium-sala-juvarra\\\/#breadcrumb\"},\"inLanguage\":\"fr-FR\",\"potentialAction\":[{\"@type\":\"ReadAction\",\"target\":[\"https:\\\/\\\/bnuto.cultura.gov.it\\\/fr\\\/location-despaces\\\/atrium-sala-juvarra\\\/\"]}]},{\"@type\":\"ImageObject\",\"inLanguage\":\"fr-FR\",\"@id\":\"https:\\\/\\\/bnuto.cultura.gov.it\\\/fr\\\/location-despaces\\\/atrium-sala-juvarra\\\/#primaryimage\",\"url\":\"https:\\\/\\\/bnuto.cultura.gov.it\\\/wp-content\\\/uploads\\\/2022\\\/11\\\/atrio-sala-juvarra.jpeg\",\"contentUrl\":\"https:\\\/\\\/bnuto.cultura.gov.it\\\/wp-content\\\/uploads\\\/2022\\\/11\\\/atrio-sala-juvarra.jpeg\",\"width\":780,\"height\":585,\"caption\":\"Atrium Salle Juvarra\"},{\"@type\":\"BreadcrumbList\",\"@id\":\"https:\\\/\\\/bnuto.cultura.gov.it\\\/fr\\\/location-despaces\\\/atrium-sala-juvarra\\\/#breadcrumb\",\"itemListElement\":[{\"@type\":\"ListItem\",\"position\":1,\"name\":\"Home\",\"item\":\"https:\\\/\\\/bnuto.cultura.gov.it\\\/fr\\\/\"},{\"@type\":\"ListItem\",\"position\":2,\"name\":\"Location d\u2019espaces\",\"item\":\"https:\\\/\\\/bnuto.cultura.gov.it\\\/fr\\\/location-despaces\\\/\"},{\"@type\":\"ListItem\",\"position\":3,\"name\":\"Atrium Sala Juvarra\"}]},{\"@type\":\"WebSite\",\"@id\":\"https:\\\/\\\/bnuto.cultura.gov.it\\\/fr\\\/#website\",\"url\":\"https:\\\/\\\/bnuto.cultura.gov.it\\\/fr\\\/\",\"name\":\"Biblioteca Nazionale Universitaria di Torino\",\"description\":\"Un nuovo sito targato WordPress\",\"publisher\":{\"@id\":\"https:\\\/\\\/bnuto.cultura.gov.it\\\/fr\\\/#organization\"},\"potentialAction\":[{\"@type\":\"SearchAction\",\"target\":{\"@type\":\"EntryPoint\",\"urlTemplate\":\"https:\\\/\\\/bnuto.cultura.gov.it\\\/fr\\\/?s={search_term_string}\"},\"query-input\":{\"@type\":\"PropertyValueSpecification\",\"valueRequired\":true,\"valueName\":\"search_term_string\"}}],\"inLanguage\":\"fr-FR\"},{\"@type\":\"Organization\",\"@id\":\"https:\\\/\\\/bnuto.cultura.gov.it\\\/fr\\\/#organization\",\"name\":\"Biblioteca Nazionale Universitaria di Torino\",\"url\":\"https:\\\/\\\/bnuto.cultura.gov.it\\\/fr\\\/\",\"logo\":{\"@type\":\"ImageObject\",\"inLanguage\":\"fr-FR\",\"@id\":\"https:\\\/\\\/bnuto.cultura.gov.it\\\/fr\\\/#\\\/schema\\\/logo\\\/image\\\/\",\"url\":\"https:\\\/\\\/bnuto.cultura.gov.it\\\/wp-content\\\/uploads\\\/2022\\\/10\\\/logo-biblioteca-nazionale-nero.png\",\"contentUrl\":\"https:\\\/\\\/bnuto.cultura.gov.it\\\/wp-content\\\/uploads\\\/2022\\\/10\\\/logo-biblioteca-nazionale-nero.png\",\"width\":70,\"height\":77,\"caption\":\"Biblioteca Nazionale Universitaria di Torino\"},\"image\":{\"@id\":\"https:\\\/\\\/bnuto.cultura.gov.it\\\/fr\\\/#\\\/schema\\\/logo\\\/image\\\/\"}}]}<\/script>\n<!-- \/ Yoast SEO plugin. -->","yoast_head_json":{"title":"Atrium Sala Juvarra | Biblioteca Nazionale Universitaria di Torino","robots":{"index":"index","follow":"follow","max-snippet":"max-snippet:-1","max-image-preview":"max-image-preview:large","max-video-preview":"max-video-preview:-1"},"canonical":"https:\/\/bnuto.cultura.gov.it\/fr\/location-despaces\/atrium-sala-juvarra\/","og_locale":"fr_FR","og_type":"article","og_title":"Atrium Sala Juvarra | Biblioteca Nazionale Universitaria di Torino","og_url":"https:\/\/bnuto.cultura.gov.it\/fr\/location-despaces\/atrium-sala-juvarra\/","og_site_name":"Biblioteca Nazionale Universitaria di Torino","article_modified_time":"2026-02-17T13:36:33+00:00","og_image":[{"width":780,"height":585,"url":"https:\/\/bnuto.cultura.gov.it\/wp-content\/uploads\/2022\/11\/atrio-sala-juvarra.jpeg","type":"image\/jpeg"}],"twitter_card":"summary_large_image","twitter_misc":{"Est. reading time":"1 minute"},"schema":{"@context":"https:\/\/schema.org","@graph":[{"@type":"WebPage","@id":"https:\/\/bnuto.cultura.gov.it\/fr\/location-despaces\/atrium-sala-juvarra\/","url":"https:\/\/bnuto.cultura.gov.it\/fr\/location-despaces\/atrium-sala-juvarra\/","name":"Atrium Sala Juvarra | Biblioteca Nazionale Universitaria di Torino","isPartOf":{"@id":"https:\/\/bnuto.cultura.gov.it\/fr\/#website"},"primaryImageOfPage":{"@id":"https:\/\/bnuto.cultura.gov.it\/fr\/location-despaces\/atrium-sala-juvarra\/#primaryimage"},"image":{"@id":"https:\/\/bnuto.cultura.gov.it\/fr\/location-despaces\/atrium-sala-juvarra\/#primaryimage"},"thumbnailUrl":"https:\/\/bnuto.cultura.gov.it\/wp-content\/uploads\/2022\/11\/atrio-sala-juvarra.jpeg","datePublished":"2022-10-26T17:44:24+00:00","dateModified":"2026-02-17T13:36:33+00:00","breadcrumb":{"@id":"https:\/\/bnuto.cultura.gov.it\/fr\/location-despaces\/atrium-sala-juvarra\/#breadcrumb"},"inLanguage":"fr-FR","potentialAction":[{"@type":"ReadAction","target":["https:\/\/bnuto.cultura.gov.it\/fr\/location-despaces\/atrium-sala-juvarra\/"]}]},{"@type":"ImageObject","inLanguage":"fr-FR","@id":"https:\/\/bnuto.cultura.gov.it\/fr\/location-despaces\/atrium-sala-juvarra\/#primaryimage","url":"https:\/\/bnuto.cultura.gov.it\/wp-content\/uploads\/2022\/11\/atrio-sala-juvarra.jpeg","contentUrl":"https:\/\/bnuto.cultura.gov.it\/wp-content\/uploads\/2022\/11\/atrio-sala-juvarra.jpeg","width":780,"height":585,"caption":"Atrium Salle Juvarra"},{"@type":"BreadcrumbList","@id":"https:\/\/bnuto.cultura.gov.it\/fr\/location-despaces\/atrium-sala-juvarra\/#breadcrumb","itemListElement":[{"@type":"ListItem","position":1,"name":"Home","item":"https:\/\/bnuto.cultura.gov.it\/fr\/"},{"@type":"ListItem","position":2,"name":"Location d\u2019espaces","item":"https:\/\/bnuto.cultura.gov.it\/fr\/location-despaces\/"},{"@type":"ListItem","position":3,"name":"Atrium Sala Juvarra"}]},{"@type":"WebSite","@id":"https:\/\/bnuto.cultura.gov.it\/fr\/#website","url":"https:\/\/bnuto.cultura.gov.it\/fr\/","name":"Biblioteca Nazionale Universitaria di Torino","description":"Un nuovo sito targato WordPress","publisher":{"@id":"https:\/\/bnuto.cultura.gov.it\/fr\/#organization"},"potentialAction":[{"@type":"SearchAction","target":{"@type":"EntryPoint","urlTemplate":"https:\/\/bnuto.cultura.gov.it\/fr\/?s={search_term_string}"},"query-input":{"@type":"PropertyValueSpecification","valueRequired":true,"valueName":"search_term_string"}}],"inLanguage":"fr-FR"},{"@type":"Organization","@id":"https:\/\/bnuto.cultura.gov.it\/fr\/#organization","name":"Biblioteca Nazionale Universitaria di Torino","url":"https:\/\/bnuto.cultura.gov.it\/fr\/","logo":{"@type":"ImageObject","inLanguage":"fr-FR","@id":"https:\/\/bnuto.cultura.gov.it\/fr\/#\/schema\/logo\/image\/","url":"https:\/\/bnuto.cultura.gov.it\/wp-content\/uploads\/2022\/10\/logo-biblioteca-nazionale-nero.png","contentUrl":"https:\/\/bnuto.cultura.gov.it\/wp-content\/uploads\/2022\/10\/logo-biblioteca-nazionale-nero.png","width":70,"height":77,"caption":"Biblioteca Nazionale Universitaria di Torino"},"image":{"@id":"https:\/\/bnuto.cultura.gov.it\/fr\/#\/schema\/logo\/image\/"}}]}},"_links":{"self":[{"href":"https:\/\/bnuto.cultura.gov.it\/fr\/wp-json\/wp\/v2\/pages\/8981","targetHints":{"allow":["GET"]}}],"collection":[{"href":"https:\/\/bnuto.cultura.gov.it\/fr\/wp-json\/wp\/v2\/pages"}],"about":[{"href":"https:\/\/bnuto.cultura.gov.it\/fr\/wp-json\/wp\/v2\/types\/page"}],"author":[{"embeddable":true,"href":"https:\/\/bnuto.cultura.gov.it\/fr\/wp-json\/wp\/v2\/users\/7"}],"replies":[{"embeddable":true,"href":"https:\/\/bnuto.cultura.gov.it\/fr\/wp-json\/wp\/v2\/comments?post=8981"}],"version-history":[{"count":5,"href":"https:\/\/bnuto.cultura.gov.it\/fr\/wp-json\/wp\/v2\/pages\/8981\/revisions"}],"predecessor-version":[{"id":9516,"href":"https:\/\/bnuto.cultura.gov.it\/fr\/wp-json\/wp\/v2\/pages\/8981\/revisions\/9516"}],"up":[{"embeddable":true,"href":"https:\/\/bnuto.cultura.gov.it\/fr\/wp-json\/wp\/v2\/pages\/8927"}],"wp:featuredmedia":[{"embeddable":true,"href":"https:\/\/bnuto.cultura.gov.it\/fr\/wp-json\/wp\/v2\/media\/6612"}],"wp:attachment":[{"href":"https:\/\/bnuto.cultura.gov.it\/fr\/wp-json\/wp\/v2\/media?parent=8981"}],"wp:term":[{"taxonomy":"category_page","embeddable":true,"href":"https:\/\/bnuto.cultura.gov.it\/fr\/wp-json\/wp\/v2\/category_page?post=8981"}],"curies":[{"name":"wp","href":"https:\/\/api.w.org\/{rel}","templated":true}]}}