{"id":9573,"date":"2025-12-15T17:09:04","date_gmt":"2025-12-15T16:09:04","guid":{"rendered":"https:\/\/bnuto.cultura.gov.it\/patrimoine\/parmi-les-manuscrits-de-la-bibliotheque-ducale\/"},"modified":"2026-02-17T15:36:56","modified_gmt":"2026-02-17T14:36:56","slug":"parmi-les-manuscrits-de-la-bibliotheque-ducale","status":"publish","type":"page","link":"https:\/\/bnuto.cultura.gov.it\/fr\/patrimoine\/parmi-les-manuscrits-de-la-bibliotheque-ducale\/","title":{"rendered":"Parmi les manuscrits de la biblioth\u00e8que ducale"},"content":{"rendered":"<section class=\"l-section wpb_row height_auto\"><div class=\"l-section-h i-cf\"><div class=\"g-cols vc_row via_flex valign_top type_default stacking_default\"><div class=\"vc_col-sm-12 wpb_column vc_column_container\"><div class=\"vc_column-inner\"><div class=\"wpb_wrapper\"><div class=\"wpb_text_column\"><div class=\"wpb_wrapper\"><p>La biblioth\u00e8que ducale de la famille de Savoie, anc\u00eatre de l&#8217;actuelle biblioth\u00e8que nationale, est n\u00e9e au XIIIe si\u00e8cle \u00e0 l&#8217;initiative du comte Pierre II de Savoie qui, amoureux des arts, commanda \u00e0 des \u00e9crivains et \u00e0 des enlumineurs la reproduction de textes difficiles \u00e0 trouver, constituant ainsi l&#8217;une des plus importantes collections de manuscrits de l&#8217;Europe de l&#8217;\u00e9poque. Ses successeurs poursuivirent la mise en \u0153uvre de la collection dynastique par l&#8217;acquisition de livres et la commande de divers ouvrages ; une impulsion fondamentale fut donn\u00e9e par Amadeus VIII, le premier \u00e0 porter le titre de duc : sous son r\u00e8gne, la biblioth\u00e8que, \u00e0 l&#8217;\u00e9poque encore itin\u00e9rante, d\u00e9passa les 100 unit\u00e9s codicologiques et fut dot\u00e9e de son premier inventaire, datant de 1431.<br \/>\nLa collection s&#8217;est encore enrichie au XIVe si\u00e8cle gr\u00e2ce \u00e0 des dons, des r\u00e9quisitions et des h\u00e9ritages qui ont compl\u00e9t\u00e9 les acquisitions : parmi les volumes les plus importants figurent des manuscrits en langue fran\u00e7aise des XIVe et XVe si\u00e8cles et des incunables magnifiquement enlumin\u00e9s.<br \/>\nLa naissance de l&#8217;imprimerie a favoris\u00e9 l&#8217;accroissement des fonds de la biblioth\u00e8que, et un nouvel inventaire en 1498 a quantifi\u00e9 les fonds de la biblioth\u00e8que ducale \u00e0 311 livres manuscrits ou imprim\u00e9s.<br \/>\nC&#8217;est toutefois gr\u00e2ce au duc Emanuele Filiberto que, dans le cadre d&#8217;une r\u00e9organisation administrative et culturelle du duch\u00e9, vers le milieu du XVIe si\u00e8cle, les volumes furent effectivement organis\u00e9s en une biblioth\u00e8que, dont le premier responsable fut Ludovico Nasi. Au cours de ces ann\u00e9es, la diffusion toujours plus large de la presse et les multiples int\u00e9r\u00eats culturels d&#8217;Emanuele Filiberto ont favoris\u00e9 l&#8217;accroissement des collections de textes juridiques, m\u00e9dicaux, militaires et scientifiques. C&#8217;est \u00e0 cette \u00e9poque que remonte le projet monumental mais inachev\u00e9 d&#8217;un &#8220;Th\u00e9\u00e2tre de toutes les sciences et de tous les arts&#8221;, une encyclop\u00e9die de la connaissance pour laquelle de nombreux livres ont \u00e9t\u00e9 achet\u00e9s dans toute l&#8217;Europe.<br \/>\nAvec son successeur Charles Emmanuel Ier, la biblioth\u00e8que atteint son apog\u00e9e au d\u00e9but du XVIIe si\u00e8cle, ayant son si\u00e8ge dans la Grande Galleria, une manche reliant l&#8217;actuel Palais royal de Turin et le Palais Madama ; d&#8217;importants fonds et collections sont acquis, tels que la biblioth\u00e8que du cardinal Domenico della Rovere et les manuscrits de l&#8217;abbaye de Staffarda, atteignant ainsi plus de 10 000 volumes.<br \/>\nLes successeurs de Charles-Emmanuel Ier ne manifest\u00e8rent pas le m\u00eame int\u00e9r\u00eat culturel que leurs pr\u00e9d\u00e9cesseurs, de sorte que la biblioth\u00e8que ducale connut, dans la seconde moiti\u00e9 du XVIIe si\u00e8cle, une phase de d\u00e9cadence et d&#8217;abandon accentu\u00e9e par l&#8217;incendie de 1667. Bien que la plupart des volumes aient \u00e9t\u00e9 sauv\u00e9s, ils ont \u00e9t\u00e9 enferm\u00e9s dans diverses bo\u00eetes et laiss\u00e9s \u00e0 l&#8217;abandon pendant plus de 30 ans. Ce n&#8217;est qu&#8217;en 1713 que le nouveau biblioth\u00e9caire Filiberto Maria Machet s&#8217;est efforc\u00e9 de r\u00e9cup\u00e9rer les livres et de r\u00e9tablir la fonctionnalit\u00e9 de la biblioth\u00e8que. Afin d&#8217;assurer sa meilleure conservation et sa mise en valeur, le duc Victor Amadeus de Savoie fit en sorte, en 1723, de la r\u00e9unir aux collections de l&#8217;universit\u00e9 royale et \u00e0 celles de la municipalit\u00e9, formant ainsi le premier noyau de la Biblioth\u00e8que royale universitaire, dont est issue l&#8217;actuelle Biblioth\u00e8que nationale.<\/p>\n<\/div><\/div><\/div><\/div><\/div><\/div><\/div><\/section>\n","protected":false},"excerpt":{"rendered":"La biblioth\u00e8que ducale de la famille de Savoie, anc\u00eatre de l&#8217;actuelle biblioth\u00e8que nationale, est n\u00e9e au XIIIe si\u00e8cle \u00e0 l&#8217;initiative du comte Pierre II de Savoie qui, amoureux des arts, commanda \u00e0 des \u00e9crivains et \u00e0 des enlumineurs la reproduction de textes difficiles \u00e0 trouver, constituant ainsi l&#8217;une des plus importantes collections de manuscrits de...","protected":false},"author":19,"featured_media":0,"parent":8501,"menu_order":0,"comment_status":"closed","ping_status":"closed","template":"","meta":{"_acf_changed":false,"footnotes":""},"category_page":[8],"class_list":["post-9573","page","type-page","status-publish","hentry","category_page-collezioni"],"acf":[],"yoast_head":"<!-- This site is optimized with the Yoast SEO plugin v27.4 - https:\/\/yoast.com\/product\/yoast-seo-wordpress\/ -->\n<title>Parmi les manuscrits de la biblioth\u00e8que ducale | Biblioteca Nazionale Universitaria di Torino<\/title>\n<meta name=\"robots\" content=\"index, follow, max-snippet:-1, max-image-preview:large, max-video-preview:-1\" \/>\n<link rel=\"canonical\" href=\"https:\/\/bnuto.cultura.gov.it\/fr\/patrimoine\/parmi-les-manuscrits-de-la-bibliotheque-ducale\/\" \/>\n<meta property=\"og:locale\" content=\"fr_FR\" \/>\n<meta property=\"og:type\" content=\"article\" \/>\n<meta property=\"og:title\" content=\"Parmi les manuscrits de la biblioth\u00e8que ducale | Biblioteca Nazionale Universitaria di Torino\" \/>\n<meta property=\"og:url\" content=\"https:\/\/bnuto.cultura.gov.it\/fr\/patrimoine\/parmi-les-manuscrits-de-la-bibliotheque-ducale\/\" \/>\n<meta property=\"og:site_name\" content=\"Biblioteca Nazionale Universitaria di Torino\" \/>\n<meta property=\"article:modified_time\" content=\"2026-02-17T14:36:56+00:00\" \/>\n<meta name=\"twitter:card\" content=\"summary_large_image\" \/>\n<meta name=\"twitter:label1\" content=\"Est. reading time\" \/>\n\t<meta name=\"twitter:data1\" content=\"3 minutes\" \/>\n<script type=\"application\/ld+json\" class=\"yoast-schema-graph\">{\"@context\":\"https:\\\/\\\/schema.org\",\"@graph\":[{\"@type\":\"WebPage\",\"@id\":\"https:\\\/\\\/bnuto.cultura.gov.it\\\/fr\\\/patrimoine\\\/parmi-les-manuscrits-de-la-bibliotheque-ducale\\\/\",\"url\":\"https:\\\/\\\/bnuto.cultura.gov.it\\\/fr\\\/patrimoine\\\/parmi-les-manuscrits-de-la-bibliotheque-ducale\\\/\",\"name\":\"Parmi les manuscrits de la biblioth\u00e8que ducale | Biblioteca Nazionale Universitaria di Torino\",\"isPartOf\":{\"@id\":\"https:\\\/\\\/bnuto.cultura.gov.it\\\/fr\\\/#website\"},\"datePublished\":\"2025-12-15T16:09:04+00:00\",\"dateModified\":\"2026-02-17T14:36:56+00:00\",\"breadcrumb\":{\"@id\":\"https:\\\/\\\/bnuto.cultura.gov.it\\\/fr\\\/patrimoine\\\/parmi-les-manuscrits-de-la-bibliotheque-ducale\\\/#breadcrumb\"},\"inLanguage\":\"fr-FR\",\"potentialAction\":[{\"@type\":\"ReadAction\",\"target\":[\"https:\\\/\\\/bnuto.cultura.gov.it\\\/fr\\\/patrimoine\\\/parmi-les-manuscrits-de-la-bibliotheque-ducale\\\/\"]}]},{\"@type\":\"BreadcrumbList\",\"@id\":\"https:\\\/\\\/bnuto.cultura.gov.it\\\/fr\\\/patrimoine\\\/parmi-les-manuscrits-de-la-bibliotheque-ducale\\\/#breadcrumb\",\"itemListElement\":[{\"@type\":\"ListItem\",\"position\":1,\"name\":\"Home\",\"item\":\"https:\\\/\\\/bnuto.cultura.gov.it\\\/fr\\\/\"},{\"@type\":\"ListItem\",\"position\":2,\"name\":\"Collections\",\"item\":\"https:\\\/\\\/bnuto.cultura.gov.it\\\/fr\\\/patrimoine\\\/\"},{\"@type\":\"ListItem\",\"position\":3,\"name\":\"Parmi les manuscrits de la biblioth\u00e8que ducale\"}]},{\"@type\":\"WebSite\",\"@id\":\"https:\\\/\\\/bnuto.cultura.gov.it\\\/fr\\\/#website\",\"url\":\"https:\\\/\\\/bnuto.cultura.gov.it\\\/fr\\\/\",\"name\":\"Biblioteca Nazionale Universitaria di Torino\",\"description\":\"Un nuovo sito targato WordPress\",\"publisher\":{\"@id\":\"https:\\\/\\\/bnuto.cultura.gov.it\\\/fr\\\/#organization\"},\"potentialAction\":[{\"@type\":\"SearchAction\",\"target\":{\"@type\":\"EntryPoint\",\"urlTemplate\":\"https:\\\/\\\/bnuto.cultura.gov.it\\\/fr\\\/?s={search_term_string}\"},\"query-input\":{\"@type\":\"PropertyValueSpecification\",\"valueRequired\":true,\"valueName\":\"search_term_string\"}}],\"inLanguage\":\"fr-FR\"},{\"@type\":\"Organization\",\"@id\":\"https:\\\/\\\/bnuto.cultura.gov.it\\\/fr\\\/#organization\",\"name\":\"Biblioteca Nazionale Universitaria di Torino\",\"url\":\"https:\\\/\\\/bnuto.cultura.gov.it\\\/fr\\\/\",\"logo\":{\"@type\":\"ImageObject\",\"inLanguage\":\"fr-FR\",\"@id\":\"https:\\\/\\\/bnuto.cultura.gov.it\\\/fr\\\/#\\\/schema\\\/logo\\\/image\\\/\",\"url\":\"https:\\\/\\\/bnuto.cultura.gov.it\\\/wp-content\\\/uploads\\\/2022\\\/10\\\/logo-biblioteca-nazionale-nero.png\",\"contentUrl\":\"https:\\\/\\\/bnuto.cultura.gov.it\\\/wp-content\\\/uploads\\\/2022\\\/10\\\/logo-biblioteca-nazionale-nero.png\",\"width\":70,\"height\":77,\"caption\":\"Biblioteca Nazionale Universitaria di Torino\"},\"image\":{\"@id\":\"https:\\\/\\\/bnuto.cultura.gov.it\\\/fr\\\/#\\\/schema\\\/logo\\\/image\\\/\"}}]}<\/script>\n<!-- \/ Yoast SEO plugin. -->","yoast_head_json":{"title":"Parmi les manuscrits de la biblioth\u00e8que ducale | Biblioteca Nazionale Universitaria di Torino","robots":{"index":"index","follow":"follow","max-snippet":"max-snippet:-1","max-image-preview":"max-image-preview:large","max-video-preview":"max-video-preview:-1"},"canonical":"https:\/\/bnuto.cultura.gov.it\/fr\/patrimoine\/parmi-les-manuscrits-de-la-bibliotheque-ducale\/","og_locale":"fr_FR","og_type":"article","og_title":"Parmi les manuscrits de la biblioth\u00e8que ducale | Biblioteca Nazionale Universitaria di Torino","og_url":"https:\/\/bnuto.cultura.gov.it\/fr\/patrimoine\/parmi-les-manuscrits-de-la-bibliotheque-ducale\/","og_site_name":"Biblioteca Nazionale Universitaria di Torino","article_modified_time":"2026-02-17T14:36:56+00:00","twitter_card":"summary_large_image","twitter_misc":{"Est. reading time":"3 minutes"},"schema":{"@context":"https:\/\/schema.org","@graph":[{"@type":"WebPage","@id":"https:\/\/bnuto.cultura.gov.it\/fr\/patrimoine\/parmi-les-manuscrits-de-la-bibliotheque-ducale\/","url":"https:\/\/bnuto.cultura.gov.it\/fr\/patrimoine\/parmi-les-manuscrits-de-la-bibliotheque-ducale\/","name":"Parmi les manuscrits de la biblioth\u00e8que ducale | Biblioteca Nazionale Universitaria di Torino","isPartOf":{"@id":"https:\/\/bnuto.cultura.gov.it\/fr\/#website"},"datePublished":"2025-12-15T16:09:04+00:00","dateModified":"2026-02-17T14:36:56+00:00","breadcrumb":{"@id":"https:\/\/bnuto.cultura.gov.it\/fr\/patrimoine\/parmi-les-manuscrits-de-la-bibliotheque-ducale\/#breadcrumb"},"inLanguage":"fr-FR","potentialAction":[{"@type":"ReadAction","target":["https:\/\/bnuto.cultura.gov.it\/fr\/patrimoine\/parmi-les-manuscrits-de-la-bibliotheque-ducale\/"]}]},{"@type":"BreadcrumbList","@id":"https:\/\/bnuto.cultura.gov.it\/fr\/patrimoine\/parmi-les-manuscrits-de-la-bibliotheque-ducale\/#breadcrumb","itemListElement":[{"@type":"ListItem","position":1,"name":"Home","item":"https:\/\/bnuto.cultura.gov.it\/fr\/"},{"@type":"ListItem","position":2,"name":"Collections","item":"https:\/\/bnuto.cultura.gov.it\/fr\/patrimoine\/"},{"@type":"ListItem","position":3,"name":"Parmi les manuscrits de la biblioth\u00e8que ducale"}]},{"@type":"WebSite","@id":"https:\/\/bnuto.cultura.gov.it\/fr\/#website","url":"https:\/\/bnuto.cultura.gov.it\/fr\/","name":"Biblioteca Nazionale Universitaria di Torino","description":"Un nuovo sito targato WordPress","publisher":{"@id":"https:\/\/bnuto.cultura.gov.it\/fr\/#organization"},"potentialAction":[{"@type":"SearchAction","target":{"@type":"EntryPoint","urlTemplate":"https:\/\/bnuto.cultura.gov.it\/fr\/?s={search_term_string}"},"query-input":{"@type":"PropertyValueSpecification","valueRequired":true,"valueName":"search_term_string"}}],"inLanguage":"fr-FR"},{"@type":"Organization","@id":"https:\/\/bnuto.cultura.gov.it\/fr\/#organization","name":"Biblioteca Nazionale Universitaria di Torino","url":"https:\/\/bnuto.cultura.gov.it\/fr\/","logo":{"@type":"ImageObject","inLanguage":"fr-FR","@id":"https:\/\/bnuto.cultura.gov.it\/fr\/#\/schema\/logo\/image\/","url":"https:\/\/bnuto.cultura.gov.it\/wp-content\/uploads\/2022\/10\/logo-biblioteca-nazionale-nero.png","contentUrl":"https:\/\/bnuto.cultura.gov.it\/wp-content\/uploads\/2022\/10\/logo-biblioteca-nazionale-nero.png","width":70,"height":77,"caption":"Biblioteca Nazionale Universitaria di Torino"},"image":{"@id":"https:\/\/bnuto.cultura.gov.it\/fr\/#\/schema\/logo\/image\/"}}]}},"_links":{"self":[{"href":"https:\/\/bnuto.cultura.gov.it\/fr\/wp-json\/wp\/v2\/pages\/9573","targetHints":{"allow":["GET"]}}],"collection":[{"href":"https:\/\/bnuto.cultura.gov.it\/fr\/wp-json\/wp\/v2\/pages"}],"about":[{"href":"https:\/\/bnuto.cultura.gov.it\/fr\/wp-json\/wp\/v2\/types\/page"}],"author":[{"embeddable":true,"href":"https:\/\/bnuto.cultura.gov.it\/fr\/wp-json\/wp\/v2\/users\/19"}],"replies":[{"embeddable":true,"href":"https:\/\/bnuto.cultura.gov.it\/fr\/wp-json\/wp\/v2\/comments?post=9573"}],"version-history":[{"count":5,"href":"https:\/\/bnuto.cultura.gov.it\/fr\/wp-json\/wp\/v2\/pages\/9573\/revisions"}],"predecessor-version":[{"id":9576,"href":"https:\/\/bnuto.cultura.gov.it\/fr\/wp-json\/wp\/v2\/pages\/9573\/revisions\/9576"}],"up":[{"embeddable":true,"href":"https:\/\/bnuto.cultura.gov.it\/fr\/wp-json\/wp\/v2\/pages\/8501"}],"wp:attachment":[{"href":"https:\/\/bnuto.cultura.gov.it\/fr\/wp-json\/wp\/v2\/media?parent=9573"}],"wp:term":[{"taxonomy":"category_page","embeddable":true,"href":"https:\/\/bnuto.cultura.gov.it\/fr\/wp-json\/wp\/v2\/category_page?post=9573"}],"curies":[{"name":"wp","href":"https:\/\/api.w.org\/{rel}","templated":true}]}}